{"id":2,"date":"2013-10-09T11:21:02","date_gmt":"2013-10-09T09:21:02","guid":{"rendered":"https:\/\/www.betriebsfeuerwehr-voestalpine.at\/?page_id=2"},"modified":"2022-12-19T10:03:48","modified_gmt":"2022-12-19T09:03:48","slug":"beispiel-seite","status":"publish","type":"page","link":"https:\/\/www.betriebsfeuerwehr-voestalpine.at\/","title":{"rendered":"Home"},"content":{"rendered":"<p><div class=\"ezcol ezcol-one-fifth\">\n<div class=\"startblock\">\n<h2>Alarmierungs-<br \/>\nstatus<\/h2>\n<aside class=\"tm-sidebar-b uk-width-medium-3-10\">\n<div class=\"uk-panel uk-panel-box\">\n<h3 class=\"uk-panel-title\"><\/h3>\n<div style=\"text-align: center;\"><a href=\"https:\/\/www.feuerwehr-krems.at\/codepages\/wastl\/wastlmain\/showbezirkkarte.asp?bezirk=01\" target=\"_blank\" rel=\"noopener noreferrer\"><img loading=\"lazy\" decoding=\"async\" class=\"alignnone\" style=\"border: 0px;\" title=\"FF Krems WASTL\" src=\"http:\/\/www.feuerwehr-krems.at\/Warnung\/NOE_Karte_simple.gif\" alt=\"FF Krems WASTL\" width=\"170\" height=\"144\" border=\"0\" \/><\/a><\/div>\n<div class=\"startblock\">\n<div class=\"ezcol ezcol-one-fifth\"><\/div>\n<h2>HELDEN GESUCHT!<\/h2>\n<p><a href=\"https:\/\/www.betriebsfeuerwehr-voestalpine.at\/?page_id=2139\"><img loading=\"lazy\" decoding=\"async\" class=\"alignnone wp-image-6295 size-medium\" src=\"https:\/\/www.betriebsfeuerwehr-voestalpine.at\/wp-content\/uploads\/2022\/09\/Helden-Gesucht_Plakat_Quer_2022-300x226.png\" alt=\"\" width=\"300\" height=\"226\" srcset=\"https:\/\/www.betriebsfeuerwehr-voestalpine.at\/wp-content\/uploads\/2022\/09\/Helden-Gesucht_Plakat_Quer_2022-300x226.png 300w, https:\/\/www.betriebsfeuerwehr-voestalpine.at\/wp-content\/uploads\/2022\/09\/Helden-Gesucht_Plakat_Quer_2022-768x579.png 768w, https:\/\/www.betriebsfeuerwehr-voestalpine.at\/wp-content\/uploads\/2022\/09\/Helden-Gesucht_Plakat_Quer_2022-1536x1157.png 1536w, https:\/\/www.betriebsfeuerwehr-voestalpine.at\/wp-content\/uploads\/2022\/09\/Helden-Gesucht_Plakat_Quer_2022-2048x1543.png 2048w, https:\/\/www.betriebsfeuerwehr-voestalpine.at\/wp-content\/uploads\/2022\/09\/Helden-Gesucht_Plakat_Quer_2022-150x113.png 150w, https:\/\/www.betriebsfeuerwehr-voestalpine.at\/wp-content\/uploads\/2022\/09\/Helden-Gesucht_Plakat_Quer_2022-320x240.png 320w, https:\/\/www.betriebsfeuerwehr-voestalpine.at\/wp-content\/uploads\/2022\/09\/Helden-Gesucht_Plakat_Quer_2022-640x480.png 640w\" sizes=\"auto, (max-width: 300px) 100vw, 300px\" \/><\/a><\/p>\n<\/div>\n<\/div>\n<\/div><div class=\"ezcol ezcol-one-fifth\"><div class=\"ezcol ezcol-one-fifth\"><\/div><\/p>\n<\/aside>\n<\/div>\n<\/div><div class=\"ezcol ezcol-one-fifth\">\n<div class=\"startblock\">\n<h2>Unwetter-karte<\/h2>\n<div id=\"zamg_wetterwarnungen\"><a href=\"http:\/\/warnungen.zamg.at\/html\/de\/heute\/alle\/at\/\" target=\"_blank\" rel=\"noopener\"><br \/>\n<img decoding=\"async\" title=\"ZAMG-Wetterwarnungen\" src=\"http:\/\/warnungen.zamg.at\/warnwidget\/de\/heute\/alle\/at\/\" alt=\"ZAMG-Wetterwarnungen\" border=\"0\" \/><br \/>\n<\/a><\/div>\n<h3><span style=\"color: #ffffff;\">Z A M G<\/span><\/h3>\n<\/div>\n<\/div><div class=\"ezcol ezcol-three-fifth ezcol-last\">\n\r\n\t\t<style type=\"text\/css\">\r\n\t\t#vgpc-wrapper5600 {\r\n\t\t\tmargin: 0px 0px;\r\n\t\t\tpadding: 0px 0px;background-color: #f2f2f2;\r\n\t\t}\r\n\t\t#vgpc-wrapper5600 .vgpc-item-i {\r\n\t\t\tmargin: 3px 3px;\r\n\t\t\tpadding: 15px 30px;\t\t\t\r\n\t\t\tcolor:  #333333;background-color: #ffffff;\r\n\t\t}\r\n\t\t#vgpc-wrapper5600 .vgpc-item-i a {\r\n\t\t\tcolor:  #3568a9;\r\n\t\t}\t\t\r\n\t\t<\/style><div id=\"vgpc-wrapper5600\" class=\"vgpc-wrapper theme-default owl-carousel \"><div class=\"vgpc-item\"><div class=\"vgpc-item-i\"><div class=\"vgpc-image-block\"><a href=\"https:\/\/www.betriebsfeuerwehr-voestalpine.at\/?p=7691\" title=\"Tag der offenen T\u00fcr und Feuerl\u00f6scher-\u00dcberpr\u00fcfung\"><img decoding=\"async\" alt=\"Tag der offenen T\u00fcr und Feuerl\u00f6scher-\u00dcberpr\u00fcfung\" src=\"https:\/\/www.betriebsfeuerwehr-voestalpine.at\/wp-content\/uploads\/2026\/04\/DJI_0675-150x150.jpg\" \/><\/a><\/div><div class=\"vgpc-text-block\"><h3 class=\"vgpc-post-title\"><a href=\"https:\/\/www.betriebsfeuerwehr-voestalpine.at\/?p=7691\" title=\"Tag der offenen T\u00fcr und Feuerl\u00f6scher-\u00dcberpr\u00fcfung\">Tag der offenen T\u00fcr und Feuerl\u00f6scher-\u00dcberpr\u00fcfung<\/a><\/h3><div class=\"vgpc-post-desc\"> Am Samstag, den 18.04.2026 lud die BtF B\u00f6hlerwerk zum j\u00e4hrlichen Tag der offenen T\u00fcr ins Feuerwehrhaus ein.  Bei...<\/div><div class=\"vgpc-post-readmore\"><a href=\"https:\/\/www.betriebsfeuerwehr-voestalpine.at\/?p=7691\" title=\"Tag der offenen T\u00fcr und Feuerl\u00f6scher-\u00dcberpr\u00fcfung\">Read more<\/a><\/div><\/div><\/div><\/div><div class=\"vgpc-item\"><div class=\"vgpc-item-i\"><div class=\"vgpc-image-block\"><a href=\"https:\/\/www.betriebsfeuerwehr-voestalpine.at\/?p=7683\" title=\"Fr\u00fchjahrs\u00fcbung der BtF B\u00f6hlerwerk\"><img decoding=\"async\" alt=\"Fr\u00fchjahrs\u00fcbung der BtF B\u00f6hlerwerk\" src=\"https:\/\/www.betriebsfeuerwehr-voestalpine.at\/wp-content\/uploads\/2026\/04\/IMG-20260410-WA0019-150x150.jpg\" \/><\/a><\/div><div class=\"vgpc-text-block\"><h3 class=\"vgpc-post-title\"><a href=\"https:\/\/www.betriebsfeuerwehr-voestalpine.at\/?p=7683\" title=\"Fr\u00fchjahrs\u00fcbung der BtF B\u00f6hlerwerk\">Fr\u00fchjahrs\u00fcbung der BtF B\u00f6hlerwerk<\/a><\/h3><div class=\"vgpc-post-desc\"> Am Freitag, den 10.04.2026, wurde die Fr\u00fchjahrs\u00fcbung mit den Feuerwehren der Gemeinde, FF Rosenau, FF Sonntagberg, FF...<\/div><div class=\"vgpc-post-readmore\"><a href=\"https:\/\/www.betriebsfeuerwehr-voestalpine.at\/?p=7683\" title=\"Fr\u00fchjahrs\u00fcbung der BtF B\u00f6hlerwerk\">Read more<\/a><\/div><\/div><\/div><\/div><div class=\"vgpc-item\"><div class=\"vgpc-item-i\"><div class=\"vgpc-image-block\"><a href=\"https:\/\/www.betriebsfeuerwehr-voestalpine.at\/?p=1427\" title=\"Sicheres Grillen \/ B\u00fcrgerservice\"><img decoding=\"async\" alt=\"Sicheres Grillen \/ B\u00fcrgerservice\" src=\"https:\/\/www.betriebsfeuerwehr-voestalpine.at\/wp-content\/uploads\/2014\/02\/grillen2-150x150.jpg\" \/><\/a><\/div><div class=\"vgpc-text-block\"><h3 class=\"vgpc-post-title\"><a href=\"https:\/\/www.betriebsfeuerwehr-voestalpine.at\/?p=1427\" title=\"Sicheres Grillen \/ B\u00fcrgerservice\">Sicheres Grillen \/ B\u00fcrgerservice<\/a><\/h3><div class=\"vgpc-post-desc\"> Die warme Jahreszeit l\u00e4dt zum Grillen ein. Ein gem\u00fctliches Grillfest: die Koteletts und Steaks duften k\u00f6stlich, Verwandte...<\/div><div class=\"vgpc-post-readmore\"><a href=\"https:\/\/www.betriebsfeuerwehr-voestalpine.at\/?p=1427\" title=\"Sicheres Grillen \/ B\u00fcrgerservice\">Read more<\/a><\/div><\/div><\/div><\/div><div class=\"vgpc-item\"><div class=\"vgpc-item-i\"><div class=\"vgpc-image-block\"><a href=\"https:\/\/www.betriebsfeuerwehr-voestalpine.at\/?p=4175\" title=\"Verhalten bei Gewitter\"><img decoding=\"async\" alt=\"Verhalten bei Gewitter\" src=\"https:\/\/www.betriebsfeuerwehr-voestalpine.at\/wp-content\/uploads\/2017\/03\/208_808-150x150.jpg\" \/><\/a><\/div><div class=\"vgpc-text-block\"><h3 class=\"vgpc-post-title\"><a href=\"https:\/\/www.betriebsfeuerwehr-voestalpine.at\/?p=4175\" title=\"Verhalten bei Gewitter\">Verhalten bei Gewitter<\/a><\/h3><div class=\"vgpc-post-desc\"> Gewitter begleitet von Blitz und Donner sind Wettererscheinungen, die vor allem in der warmen Jahrezeit auftreten. Starke...<\/div><div class=\"vgpc-post-readmore\"><a href=\"https:\/\/www.betriebsfeuerwehr-voestalpine.at\/?p=4175\" title=\"Verhalten bei Gewitter\">Read more<\/a><\/div><\/div><\/div><\/div><div class=\"vgpc-item\"><div class=\"vgpc-item-i\"><div class=\"vgpc-image-block\"><a href=\"https:\/\/www.betriebsfeuerwehr-voestalpine.at\/?p=7556\" title=\"Mitmachen! Komm auch Du zur Feuerwehr!\"><img decoding=\"async\" alt=\"Mitmachen! Komm auch Du zur Feuerwehr!\" src=\"https:\/\/www.betriebsfeuerwehr-voestalpine.at\/wp-content\/uploads\/2023\/12\/DSC4337_k-150x150.jpg\" \/><\/a><\/div><div class=\"vgpc-text-block\"><h3 class=\"vgpc-post-title\"><a href=\"https:\/\/www.betriebsfeuerwehr-voestalpine.at\/?p=7556\" title=\"Mitmachen! Komm auch Du zur Feuerwehr!\">Mitmachen! Komm auch Du zur Feuerwehr!<\/a><\/h3><div class=\"vgpc-post-desc\">   Die Helden werden immer weniger!  Stell Dir vor, es passiert etwas und niemand kommt, um zu helfen....        HAST DU...<\/div><div class=\"vgpc-post-readmore\"><a href=\"https:\/\/www.betriebsfeuerwehr-voestalpine.at\/?p=7556\" title=\"Mitmachen! Komm auch Du zur Feuerwehr!\">Read more<\/a><\/div><\/div><\/div><\/div><\/div>\r\n\t\t<script type=\"text\/javascript\">\r\n\t\tjQuery(document).ready(function($) {\r\n\t\t\t$(\"#vgpc-wrapper5600\").owlCarousel({\r\n\t\t\t\titems: \t\t\t\t3,\r\n\t\t\t\titemsDesktop: \t\t[1024,0],\r\n\t\t\t\titemsDesktopSmall: \t[930,0],\r\n\t\t\t\titemsTablet: \t\t[800,3],\r\n\t\t\t\titemsTabletSmall: \t[640,2],\r\n\t\t\t\titemsMobile: \t\t[440,1],\t\t\t\t\r\n\t\t\t\tslideSpeed: \t\t800,\r\n\t\t\t\tpaginationSpeed: \t1500,\r\n\t\t\t\trewindSpeed: \t\t1500,\t\t\t\t\r\n\t\t\t\tautoPlay: \t\t\ttrue,\r\n\t\t\t\tstopOnHover: \t\ttrue,\t\t\t\t\r\n\t\t\t\tnavigation: \t\tfalse,\r\n\t\t\t\tscrollPerPage: \t\ttrue,\r\n\t\t\t\tpagination: \t\ttrue,\r\n\t\t\t\tpaginationNumbers: \tfalse,\r\n\t\t\t\tmouseDrag: \t\t\tfalse,\r\n\t\t\t\ttouchDrag: \t\t\tfalse,\r\n\t\t\t\tnavigationText: \t[\"Prev\", \"Next\"],\r\n\t\t\t\tleftOffSet: \t\t0,\r\n\t\t\t});\r\n\t\t});\r\n\t\t<\/script><br \/>\n<\/div><div class=\"ezcol-divider\"><\/div><\/p>\n","protected":false},"excerpt":{"rendered":"","protected":false},"author":1,"featured_media":0,"parent":0,"menu_order":0,"comment_status":"closed","ping_status":"closed","template":"page-start.php","meta":{"_acf_changed":false,"footnotes":""},"class_list":["post-2","page","type-page","status-publish","hentry"],"acf":[],"_links":{"self":[{"href":"https:\/\/www.betriebsfeuerwehr-voestalpine.at\/index.php?rest_route=\/wp\/v2\/pages\/2","targetHints":{"allow":["GET"]}}],"collection":[{"href":"https:\/\/www.betriebsfeuerwehr-voestalpine.at\/index.php?rest_route=\/wp\/v2\/pages"}],"about":[{"href":"https:\/\/www.betriebsfeuerwehr-voestalpine.at\/index.php?rest_route=\/wp\/v2\/types\/page"}],"author":[{"embeddable":true,"href":"https:\/\/www.betriebsfeuerwehr-voestalpine.at\/index.php?rest_route=\/wp\/v2\/users\/1"}],"replies":[{"embeddable":true,"href":"https:\/\/www.betriebsfeuerwehr-voestalpine.at\/index.php?rest_route=%2Fwp%2Fv2%2Fcomments&post=2"}],"version-history":[{"count":52,"href":"https:\/\/www.betriebsfeuerwehr-voestalpine.at\/index.php?rest_route=\/wp\/v2\/pages\/2\/revisions"}],"predecessor-version":[{"id":6364,"href":"https:\/\/www.betriebsfeuerwehr-voestalpine.at\/index.php?rest_route=\/wp\/v2\/pages\/2\/revisions\/6364"}],"wp:attachment":[{"href":"https:\/\/www.betriebsfeuerwehr-voestalpine.at\/index.php?rest_route=%2Fwp%2Fv2%2Fmedia&parent=2"}],"curies":[{"name":"wp","href":"https:\/\/api.w.org\/{rel}","templated":true}]}}